{"id":1800,"date":"2021-04-07T17:16:23","date_gmt":"2021-04-07T17:16:23","guid":{"rendered":"http:\/\/ns381463.ip-94-23-248.eu\/sitesense\/?post_type=project&#038;p=1800"},"modified":"2021-05-07T15:17:07","modified_gmt":"2021-05-07T15:17:07","slug":"contribuer-a-lhistoire","status":"publish","type":"project","link":"https:\/\/ns381463.ip-94-23-248.eu\/sitesense\/project\/contribuer-a-lhistoire\/","title":{"rendered":"CONTRIBUER \u00c0 L&#8217;HISTOIRE"},"content":{"rendered":"<p>[et_pb_section fb_built=&#8221;1&#8243; _builder_version=&#8221;4.9.2&#8243; _module_preset=&#8221;default&#8221; background_image=&#8221;http:\/\/ns381463.ip-94-23-248.eu\/sitesense\/wp-content\/uploads\/2021\/04\/Banner_ArticleProjet.jpg&#8221; custom_padding=&#8221;32px||32px||true|false&#8221; da_disable_devices=&#8221;off|off|off&#8221; global_module=&#8221;1152&#8243; saved_tabs=&#8221;all&#8221; da_is_popup=&#8221;off&#8221; da_exit_intent=&#8221;off&#8221; da_has_close=&#8221;on&#8221; da_alt_close=&#8221;off&#8221; da_dark_close=&#8221;off&#8221; da_not_modal=&#8221;on&#8221; da_is_singular=&#8221;off&#8221; da_with_loader=&#8221;off&#8221; da_has_shadow=&#8221;on&#8221;][et_pb_row _builder_version=&#8221;4.9.2&#8243; _module_preset=&#8221;default&#8221; custom_padding=&#8221;|||5%|false|false&#8221;][et_pb_column type=&#8221;4_4&#8243; _builder_version=&#8221;4.9.2&#8243; _module_preset=&#8221;default&#8221;][et_pb_text _builder_version=&#8221;4.9.4&#8243; _module_preset=&#8221;default&#8221; text_font=&#8221;big_river_script|500|||||||&#8221; text_text_color=&#8221;#000000&#8243; text_font_size=&#8221;80px&#8221; min_height=&#8221;80.3px&#8221;]<\/p>\n<p>Projets<\/p>\n<p>[\/et_pb_text][\/et_pb_column][\/et_pb_row][\/et_pb_section][et_pb_section fb_built=&#8221;1&#8243; _builder_version=&#8221;4.9.4&#8243; _module_preset=&#8221;default&#8221; background_image=&#8221;http:\/\/ns381463.ip-94-23-248.eu\/sitesense\/wp-content\/uploads\/2021\/05\/Fond-Projet.jpg&#8221; background_size=&#8221;contain&#8221; background_position=&#8221;top_center&#8221; hover_enabled=&#8221;0&#8243; da_disable_devices=&#8221;off|off|off&#8221; sticky_enabled=&#8221;0&#8243; da_is_popup=&#8221;off&#8221; da_exit_intent=&#8221;off&#8221; da_has_close=&#8221;on&#8221; da_alt_close=&#8221;off&#8221; da_dark_close=&#8221;off&#8221; da_not_modal=&#8221;on&#8221; da_is_singular=&#8221;off&#8221; da_with_loader=&#8221;off&#8221; da_has_shadow=&#8221;on&#8221;][et_pb_row _builder_version=&#8221;4.9.2&#8243; _module_preset=&#8221;default&#8221;][et_pb_column type=&#8221;4_4&#8243; _builder_version=&#8221;4.9.2&#8243; _module_preset=&#8221;default&#8221;][et_pb_post_title meta=&#8221;off&#8221; featured_image=&#8221;off&#8221; _builder_version=&#8221;4.9.2&#8243; _module_preset=&#8221;default&#8221; title_text_align=&#8221;center&#8221; title_text_color=&#8221;#000000&#8243; title_font_size=&#8221;28px&#8221; width=&#8221;65%&#8221; module_alignment=&#8221;center&#8221;][\/et_pb_post_title][et_pb_post_title title=&#8221;off&#8221; meta=&#8221;off&#8221; _builder_version=&#8221;4.9.2&#8243; _module_preset=&#8221;default&#8221; title_text_align=&#8221;center&#8221; title_text_color=&#8221;#000000&#8243; title_font_size=&#8221;28px&#8221; width=&#8221;100%&#8221; module_alignment=&#8221;center&#8221; custom_margin=&#8221;||0px||false|false&#8221; custom_padding=&#8221;||0px||false|false&#8221; border_width_all=&#8221;15px&#8221; border_color_all=&#8221;#FFFFFF&#8221;][\/et_pb_post_title][et_pb_text admin_label=&#8221;Afin d&#8217;enrichir en nouvelles ressources&#8221; _builder_version=&#8221;4.9.3&#8243; _module_preset=&#8221;default&#8221; width=&#8221;65%&#8221; module_alignment=&#8221;center&#8221; custom_margin=&#8221;0px||||false|false&#8221; custom_padding=&#8221;0px||||false|false&#8221;]<\/p>\n<p style=\"text-align: center;\"><b><\/b><\/p>\n<p style=\"text-align: center;\"><b>Afin d&#8217;enrichir en nouvelles ressources <a href=\"project\/our-common-heritage-lexpo\/\" target=\"_blank\" rel=\"noopener\">l&#8217;exposition Our Common Heritage<\/a>, nous avons int\u00e9gr\u00e9 au <a href=\"https:\/\/www.expo.landofmemory.eu\/\" target=\"_blank\" rel=\"noopener\">site web de l&#8217;exposition un module participatif<\/a> qui permet aux habitants de la Grande R\u00e9gion (Wallonie, Grand-D\u00fbch\u00e9, Lorraine et Sarre) de proposer leurs souvenirs de famille.<br \/><\/b><\/p>\n<p>&nbsp;<\/p>\n<p>[\/et_pb_text][et_pb_text admin_label=&#8221;Des souvenirs extradordinaires&#8221; _builder_version=&#8221;4.9.3&#8243; _module_preset=&#8221;default&#8221; width=&#8221;65%&#8221; module_alignment=&#8221;center&#8221; custom_margin=&#8221;0px||||false|false&#8221; custom_padding=&#8221;0px||||false|false&#8221;]<\/p>\n<p style=\"text-align: center;\">Des photos, des cartes postales, des lettres&#8230; autant de t\u00e9moignages du pass\u00e9 partag\u00e9s par les habitants de la Grande R\u00e9gion qui donnent \u00e0 voir et \u00e0 comprendre le v\u00e9cu de ces populations entre le d\u00e9but du XX\u00e8me si\u00e8cle et la cr\u00e9ation de l&#8217;Europe.\u00a0<b><\/b><\/p>\n<p>[\/et_pb_text][\/et_pb_column][\/et_pb_row][et_pb_row _builder_version=&#8221;4.9.2&#8243; _module_preset=&#8221;default&#8221;][et_pb_column type=&#8221;4_4&#8243; _builder_version=&#8221;4.9.2&#8243; _module_preset=&#8221;default&#8221;][et_pb_text admin_label=&#8221;Italiens&#8221; _builder_version=&#8221;4.9.4&#8243; _module_preset=&#8221;default&#8221; text_font_size=&#8221;13px&#8221; text_line_height=&#8221;1.3em&#8221;]<\/p>\n<h4 style=\"text-align: center;\"><span style=\"color: #808080;\"><strong>Quelques exemples de contributions<\/strong><\/span><\/h4>\n<p>[\/et_pb_text][\/et_pb_column][\/et_pb_row][et_pb_row column_structure=&#8221;1_3,1_3,1_3&#8243; _builder_version=&#8221;4.9.2&#8243; _module_preset=&#8221;default&#8221;][et_pb_column type=&#8221;1_3&#8243; _builder_version=&#8221;4.9.2&#8243; _module_preset=&#8221;default&#8221;][et_pb_image src=&#8221;http:\/\/ns381463.ip-94-23-248.eu\/sitesense\/wp-content\/uploads\/2021\/04\/FDR-3126-007_web2.jpg&#8221; title_text=&#8221;FDR-3126-007_web2&#8243; show_in_lightbox=&#8221;on&#8221; _builder_version=&#8221;4.9.4&#8243; _module_preset=&#8221;default&#8221; animation_style=&#8221;fade&#8221; box_shadow_style=&#8221;preset1&#8243;][\/et_pb_image][et_pb_text admin_label=&#8221;Italiens&#8221; _builder_version=&#8221;4.9.3&#8243; _module_preset=&#8221;default&#8221; text_font_size=&#8221;13px&#8221; text_line_height=&#8221;1.3em&#8221;]<\/p>\n<p class=\"memory-content memory-content--title\" style=\"text-align: center;\"><a href=\"https:\/\/www.expo.landofmemory.eu\/index.php\/tous-les-souvenirs\/\" target=\"_blank\" rel=\"noopener\"><strong>L&#8217;arriv\u00e9e des travailleurs immigr\u00e9s italiens en Wallonie<\/strong><\/a><br \/>\u00a9 Province de Li\u00e8ge, Mus\u00e9e de la Vie wallonne<\/p>\n<p>[\/et_pb_text][\/et_pb_column][et_pb_column type=&#8221;1_3&#8243; _builder_version=&#8221;4.9.2&#8243; _module_preset=&#8221;default&#8221;][et_pb_image src=&#8221;http:\/\/ns381463.ip-94-23-248.eu\/sitesense\/wp-content\/uploads\/2021\/04\/170811-A-XN107-016-2.jpg&#8221; title_text=&#8221;170811-A-XN107-016-2&#8243; show_in_lightbox=&#8221;on&#8221; _builder_version=&#8221;4.9.4&#8243; _module_preset=&#8221;default&#8221; animation_style=&#8221;fade&#8221; box_shadow_style=&#8221;preset1&#8243;][\/et_pb_image][et_pb_text admin_label=&#8221;US&#8221; _builder_version=&#8221;4.9.3&#8243; _module_preset=&#8221;default&#8221; text_font_size=&#8221;13px&#8221; text_line_height=&#8221;1.3em&#8221;]<\/p>\n<p class=\"memory-content memory-content--title\" style=\"text-align: center;\"><a href=\"https:\/\/www.expo.landofmemory.eu\/index.php\/tous-les-souvenirs\/\" target=\"_blank\" rel=\"noopener\"><strong>Triage near Suippes, France, 17 July 1918<\/strong><\/a><br \/>\nPublic Domain &#8211; U.S. Army Signal Corps<\/p>\n<p>[\/et_pb_text][\/et_pb_column][et_pb_column type=&#8221;1_3&#8243; _builder_version=&#8221;4.9.2&#8243; _module_preset=&#8221;default&#8221;][et_pb_image src=&#8221;http:\/\/ns381463.ip-94-23-248.eu\/sitesense\/wp-content\/uploads\/2021\/04\/Refugees_in_Belgium_May_1940_F4502_web2.jpg&#8221; title_text=&#8221;Refugees_in_Belgium,_May_1940_F4502_web2&#8243; show_in_lightbox=&#8221;on&#8221; _builder_version=&#8221;4.9.4&#8243; _module_preset=&#8221;default&#8221; animation_style=&#8221;fade&#8221; box_shadow_style=&#8221;preset1&#8243;][\/et_pb_image][et_pb_text admin_label=&#8221;Refugi\u00e9s&#8221; _builder_version=&#8221;4.9.3&#8243; _module_preset=&#8221;default&#8221; text_font_size=&#8221;13px&#8221; text_line_height=&#8221;1.3em&#8221;]<\/p>\n<p class=\"memory-content memory-content--title\" style=\"text-align: center;\"><a href=\"https:\/\/www.expo.landofmemory.eu\/index.php\/tous-les-souvenirs\/\" target=\"_blank\" rel=\"noopener\"><strong>Refugees in Belgium, May 1940<\/strong><\/a><br \/>\nPublic Domain &#8211; UK Government<\/p>\n<p>[\/et_pb_text][\/et_pb_column][\/et_pb_row][et_pb_row column_structure=&#8221;1_3,1_3,1_3&#8243; _builder_version=&#8221;4.9.2&#8243; _module_preset=&#8221;default&#8221;][et_pb_column type=&#8221;1_3&#8243; _builder_version=&#8221;4.9.2&#8243; _module_preset=&#8221;default&#8221;][et_pb_image src=&#8221;http:\/\/ns381463.ip-94-23-248.eu\/sitesense\/wp-content\/uploads\/2021\/04\/Spa_Neubois_1918_occupation_Allemande2.jpg&#8221; title_text=&#8221;Spa_Neubois_1918_occupation_Allemande2&#8243; show_in_lightbox=&#8221;on&#8221; _builder_version=&#8221;4.9.4&#8243; _module_preset=&#8221;default&#8221; animation_style=&#8221;fade&#8221; box_shadow_style=&#8221;preset1&#8243;][\/et_pb_image][et_pb_text admin_label=&#8221;Kayser&#8221; _builder_version=&#8221;4.9.3&#8243; _module_preset=&#8221;default&#8221; text_font_size=&#8221;13px&#8221; text_line_height=&#8221;1.3em&#8221;]<\/p>\n<p class=\"memory-content memory-content--title\" style=\"text-align: center;\"><a href=\"https:\/\/www.expo.landofmemory.eu\/index.php\/tous-les-souvenirs\/\" target=\"_blank\" rel=\"noopener\"><strong>Le haut commandant allemand \u00e0 Spa en 1918<\/strong><\/a><br \/>Domaine public<\/p>\n<p>[\/et_pb_text][\/et_pb_column][et_pb_column type=&#8221;1_3&#8243; _builder_version=&#8221;4.9.2&#8243; _module_preset=&#8221;default&#8221;][et_pb_image src=&#8221;http:\/\/ns381463.ip-94-23-248.eu\/sitesense\/wp-content\/uploads\/2021\/04\/800px-Photograph_of_Infantrymen_in_Bastogne_Belgium_-_NARA_-_12010146_web2.jpg&#8221; title_text=&#8221;800px-Photograph_of_Infantrymen_in_Bastogne,_Belgium_-_NARA_-_12010146_web2&#8243; show_in_lightbox=&#8221;on&#8221; _builder_version=&#8221;4.9.4&#8243; _module_preset=&#8221;default&#8221; animation_style=&#8221;fade&#8221; box_shadow_style=&#8221;preset1&#8243;][\/et_pb_image][et_pb_text admin_label=&#8221;Bastogne&#8221; _builder_version=&#8221;4.9.3&#8243; _module_preset=&#8221;default&#8221; text_font_size=&#8221;13px&#8221; text_line_height=&#8221;1.3em&#8221;]<\/p>\n<p class=\"memory-content memory-content--title\" style=\"text-align: center;\"><a href=\"https:\/\/www.expo.landofmemory.eu\/index.php\/tous-les-souvenirs\/\" target=\"_blank\" rel=\"noopener\"><strong>Infantrymen in Bastogne, Belgium<\/strong><\/a><br \/>\nPublic Domain &#8211; CC &#8211; U.S. NARA<\/p>\n<p>[\/et_pb_text][\/et_pb_column][et_pb_column type=&#8221;1_3&#8243; _builder_version=&#8221;4.9.2&#8243; _module_preset=&#8221;default&#8221;][et_pb_image src=&#8221;http:\/\/ns381463.ip-94-23-248.eu\/sitesense\/wp-content\/uploads\/2021\/04\/1068820-4268-001_web2.jpg&#8221; title_text=&#8221;1068820-4268-001_web2&#8243; show_in_lightbox=&#8221;on&#8221; _builder_version=&#8221;4.9.4&#8243; _module_preset=&#8221;default&#8221; animation_style=&#8221;fade&#8221; box_shadow_style=&#8221;preset1&#8243;][\/et_pb_image][et_pb_text admin_label=&#8221;Malmedy&#8221; _builder_version=&#8221;4.9.3&#8243; _module_preset=&#8221;default&#8221; text_font_size=&#8221;13px&#8221; text_line_height=&#8221;1.3em&#8221;]<\/p>\n<p class=\"memory-content memory-content--title\" style=\"text-align: center;\"><a href=\"https:\/\/www.expo.landofmemory.eu\/index.php\/tous-les-souvenirs\/\" target=\"_blank\" rel=\"noopener\"><strong>Manifestation hitl\u00e9rienne \u00e0 Malmedy &#8211; 1940<\/strong><\/a><br \/>\nPublic Domain &#8211; UK Government<\/p>\n<p>[\/et_pb_text][\/et_pb_column][\/et_pb_row][et_pb_row column_structure=&#8221;1_3,1_3,1_3&#8243; _builder_version=&#8221;4.9.2&#8243; _module_preset=&#8221;default&#8221;][et_pb_column type=&#8221;1_3&#8243; _builder_version=&#8221;4.9.2&#8243; _module_preset=&#8221;default&#8221;][\/et_pb_column][et_pb_column type=&#8221;1_3&#8243; _builder_version=&#8221;4.9.2&#8243; _module_preset=&#8221;default&#8221;][et_pb_image src=&#8221;http:\/\/ns381463.ip-94-23-248.eu\/sitesense\/wp-content\/uploads\/2021\/04\/logo_LoM-expo.jpg&#8221; title_text=&#8221;logo_LoM-expo_Color&#8221; url=&#8221;https:\/\/www.expo.landofmemory.eu\/&#8221; url_new_window=&#8221;on&#8221; admin_label=&#8221;LOGO&#8221; _builder_version=&#8221;4.9.4&#8243; _module_preset=&#8221;default&#8221;][\/et_pb_image][\/et_pb_column][et_pb_column type=&#8221;1_3&#8243; _builder_version=&#8221;4.9.2&#8243; _module_preset=&#8221;default&#8221;][\/et_pb_column][\/et_pb_row][\/et_pb_section]<\/p>\n","protected":false},"excerpt":{"rendered":"<p>Pour collecter et promouvoir les souvenirs de la Grande R\u00e9gion&#8230;<\/p>\n","protected":false},"author":2,"featured_media":466,"comment_status":"closed","ping_status":"closed","template":"","meta":{"_et_pb_use_builder":"on","_et_pb_old_content":"","_et_gb_content_width":""},"project_category":[20,18,17,19],"project_tag":[],"yoast_head":"<!-- This site is optimized with the Yoast SEO plugin v21.4 - https:\/\/yoast.com\/wordpress\/plugins\/seo\/ -->\n<title>CONTRIBUER \u00c0 L&#039;HISTOIRE - Sense Agency<\/title>\n<meta name=\"robots\" content=\"index, follow, max-snippet:-1, max-image-preview:large, max-video-preview:-1\" \/>\n<link rel=\"canonical\" href=\"https:\/\/ns381463.ip-94-23-248.eu\/sitesense\/project\/contribuer-a-lhistoire\/\" \/>\n<meta property=\"og:locale\" content=\"fr_FR\" \/>\n<meta property=\"og:type\" content=\"article\" \/>\n<meta property=\"og:title\" content=\"CONTRIBUER \u00c0 L&#039;HISTOIRE - Sense Agency\" \/>\n<meta property=\"og:description\" content=\"Pour collecter et promouvoir les souvenirs de la Grande R\u00e9gion...\" \/>\n<meta property=\"og:url\" content=\"https:\/\/ns381463.ip-94-23-248.eu\/sitesense\/project\/contribuer-a-lhistoire\/\" \/>\n<meta property=\"og:site_name\" content=\"Sense Agency\" \/>\n<meta property=\"article:modified_time\" content=\"2021-05-07T15:17:07+00:00\" \/>\n<meta property=\"og:image\" content=\"https:\/\/ns381463.ip-94-23-248.eu\/sitesense\/wp-content\/uploads\/2021\/03\/Img_LoMxpo.jpg\" \/>\n\t<meta property=\"og:image:width\" content=\"900\" \/>\n\t<meta property=\"og:image:height\" content=\"600\" \/>\n\t<meta property=\"og:image:type\" content=\"image\/jpeg\" \/>\n<meta name=\"twitter:card\" content=\"summary_large_image\" \/>\n<meta name=\"twitter:label1\" content=\"Dur\u00e9e de lecture estim\u00e9e\" \/>\n\t<meta name=\"twitter:data1\" content=\"6 minutes\" \/>\n<script type=\"application\/ld+json\" class=\"yoast-schema-graph\">{\"@context\":\"https:\/\/schema.org\",\"@graph\":[{\"@type\":\"WebPage\",\"@id\":\"https:\/\/ns381463.ip-94-23-248.eu\/sitesense\/project\/contribuer-a-lhistoire\/\",\"url\":\"https:\/\/ns381463.ip-94-23-248.eu\/sitesense\/project\/contribuer-a-lhistoire\/\",\"name\":\"CONTRIBUER \u00c0 L'HISTOIRE - Sense Agency\",\"isPartOf\":{\"@id\":\"http:\/\/ns381463.ip-94-23-248.eu\/sitesense\/#website\"},\"datePublished\":\"2021-04-07T17:16:23+00:00\",\"dateModified\":\"2021-05-07T15:17:07+00:00\",\"breadcrumb\":{\"@id\":\"https:\/\/ns381463.ip-94-23-248.eu\/sitesense\/project\/contribuer-a-lhistoire\/#breadcrumb\"},\"inLanguage\":\"fr-FR\",\"potentialAction\":[{\"@type\":\"ReadAction\",\"target\":[\"https:\/\/ns381463.ip-94-23-248.eu\/sitesense\/project\/contribuer-a-lhistoire\/\"]}]},{\"@type\":\"BreadcrumbList\",\"@id\":\"https:\/\/ns381463.ip-94-23-248.eu\/sitesense\/project\/contribuer-a-lhistoire\/#breadcrumb\",\"itemListElement\":[{\"@type\":\"ListItem\",\"position\":1,\"name\":\"Accueil\",\"item\":\"http:\/\/ns381463.ip-94-23-248.eu\/sitesense\/\"},{\"@type\":\"ListItem\",\"position\":2,\"name\":\"Projets\",\"item\":\"https:\/\/ns381463.ip-94-23-248.eu\/sitesense\/project\/\"},{\"@type\":\"ListItem\",\"position\":3,\"name\":\"CONTRIBUER \u00c0 L&#8217;HISTOIRE\"}]},{\"@type\":\"WebSite\",\"@id\":\"http:\/\/ns381463.ip-94-23-248.eu\/sitesense\/#website\",\"url\":\"http:\/\/ns381463.ip-94-23-248.eu\/sitesense\/\",\"name\":\"Sense Agency\",\"description\":\"Agence en communication\",\"potentialAction\":[{\"@type\":\"SearchAction\",\"target\":{\"@type\":\"EntryPoint\",\"urlTemplate\":\"http:\/\/ns381463.ip-94-23-248.eu\/sitesense\/?s={search_term_string}\"},\"query-input\":\"required name=search_term_string\"}],\"inLanguage\":\"fr-FR\"}]}<\/script>\n<!-- \/ Yoast SEO plugin. -->","yoast_head_json":{"title":"CONTRIBUER \u00c0 L'HISTOIRE - Sense Agency","robots":{"index":"index","follow":"follow","max-snippet":"max-snippet:-1","max-image-preview":"max-image-preview:large","max-video-preview":"max-video-preview:-1"},"canonical":"https:\/\/ns381463.ip-94-23-248.eu\/sitesense\/project\/contribuer-a-lhistoire\/","og_locale":"fr_FR","og_type":"article","og_title":"CONTRIBUER \u00c0 L'HISTOIRE - Sense Agency","og_description":"Pour collecter et promouvoir les souvenirs de la Grande R\u00e9gion...","og_url":"https:\/\/ns381463.ip-94-23-248.eu\/sitesense\/project\/contribuer-a-lhistoire\/","og_site_name":"Sense Agency","article_modified_time":"2021-05-07T15:17:07+00:00","og_image":[{"width":900,"height":600,"url":"https:\/\/ns381463.ip-94-23-248.eu\/sitesense\/wp-content\/uploads\/2021\/03\/Img_LoMxpo.jpg","type":"image\/jpeg"}],"twitter_card":"summary_large_image","twitter_misc":{"Dur\u00e9e de lecture estim\u00e9e":"6 minutes"},"schema":{"@context":"https:\/\/schema.org","@graph":[{"@type":"WebPage","@id":"https:\/\/ns381463.ip-94-23-248.eu\/sitesense\/project\/contribuer-a-lhistoire\/","url":"https:\/\/ns381463.ip-94-23-248.eu\/sitesense\/project\/contribuer-a-lhistoire\/","name":"CONTRIBUER \u00c0 L'HISTOIRE - Sense Agency","isPartOf":{"@id":"http:\/\/ns381463.ip-94-23-248.eu\/sitesense\/#website"},"datePublished":"2021-04-07T17:16:23+00:00","dateModified":"2021-05-07T15:17:07+00:00","breadcrumb":{"@id":"https:\/\/ns381463.ip-94-23-248.eu\/sitesense\/project\/contribuer-a-lhistoire\/#breadcrumb"},"inLanguage":"fr-FR","potentialAction":[{"@type":"ReadAction","target":["https:\/\/ns381463.ip-94-23-248.eu\/sitesense\/project\/contribuer-a-lhistoire\/"]}]},{"@type":"BreadcrumbList","@id":"https:\/\/ns381463.ip-94-23-248.eu\/sitesense\/project\/contribuer-a-lhistoire\/#breadcrumb","itemListElement":[{"@type":"ListItem","position":1,"name":"Accueil","item":"http:\/\/ns381463.ip-94-23-248.eu\/sitesense\/"},{"@type":"ListItem","position":2,"name":"Projets","item":"https:\/\/ns381463.ip-94-23-248.eu\/sitesense\/project\/"},{"@type":"ListItem","position":3,"name":"CONTRIBUER \u00c0 L&#8217;HISTOIRE"}]},{"@type":"WebSite","@id":"http:\/\/ns381463.ip-94-23-248.eu\/sitesense\/#website","url":"http:\/\/ns381463.ip-94-23-248.eu\/sitesense\/","name":"Sense Agency","description":"Agence en communication","potentialAction":[{"@type":"SearchAction","target":{"@type":"EntryPoint","urlTemplate":"http:\/\/ns381463.ip-94-23-248.eu\/sitesense\/?s={search_term_string}"},"query-input":"required name=search_term_string"}],"inLanguage":"fr-FR"}]}},"_links":{"self":[{"href":"https:\/\/ns381463.ip-94-23-248.eu\/sitesense\/wp-json\/wp\/v2\/project\/1800"}],"collection":[{"href":"https:\/\/ns381463.ip-94-23-248.eu\/sitesense\/wp-json\/wp\/v2\/project"}],"about":[{"href":"https:\/\/ns381463.ip-94-23-248.eu\/sitesense\/wp-json\/wp\/v2\/types\/project"}],"author":[{"embeddable":true,"href":"https:\/\/ns381463.ip-94-23-248.eu\/sitesense\/wp-json\/wp\/v2\/users\/2"}],"replies":[{"embeddable":true,"href":"https:\/\/ns381463.ip-94-23-248.eu\/sitesense\/wp-json\/wp\/v2\/comments?post=1800"}],"version-history":[{"count":31,"href":"https:\/\/ns381463.ip-94-23-248.eu\/sitesense\/wp-json\/wp\/v2\/project\/1800\/revisions"}],"predecessor-version":[{"id":2479,"href":"https:\/\/ns381463.ip-94-23-248.eu\/sitesense\/wp-json\/wp\/v2\/project\/1800\/revisions\/2479"}],"wp:featuredmedia":[{"embeddable":true,"href":"https:\/\/ns381463.ip-94-23-248.eu\/sitesense\/wp-json\/wp\/v2\/media\/466"}],"wp:attachment":[{"href":"https:\/\/ns381463.ip-94-23-248.eu\/sitesense\/wp-json\/wp\/v2\/media?parent=1800"}],"wp:term":[{"taxonomy":"project_category","embeddable":true,"href":"https:\/\/ns381463.ip-94-23-248.eu\/sitesense\/wp-json\/wp\/v2\/project_category?post=1800"},{"taxonomy":"project_tag","embeddable":true,"href":"https:\/\/ns381463.ip-94-23-248.eu\/sitesense\/wp-json\/wp\/v2\/project_tag?post=1800"}],"curies":[{"name":"wp","href":"https:\/\/api.w.org\/{rel}","templated":true}]}}