{"id":1627,"date":"2021-04-09T15:59:35","date_gmt":"2021-04-09T15:59:35","guid":{"rendered":"http:\/\/ns381463.ip-94-23-248.eu\/sitesense\/?post_type=project&#038;p=1627"},"modified":"2021-05-07T15:00:47","modified_gmt":"2021-05-07T15:00:47","slug":"our-common-heritage-lexpo","status":"publish","type":"project","link":"https:\/\/ns381463.ip-94-23-248.eu\/sitesense\/project\/our-common-heritage-lexpo\/","title":{"rendered":"OUR COMMON HERITAGE"},"content":{"rendered":"<p>[et_pb_section fb_built=&#8221;1&#8243; _builder_version=&#8221;4.9.2&#8243; _module_preset=&#8221;default&#8221; background_image=&#8221;http:\/\/ns381463.ip-94-23-248.eu\/sitesense\/wp-content\/uploads\/2021\/04\/Banner_ArticleProjet.jpg&#8221; custom_padding=&#8221;32px||32px||true|false&#8221; da_disable_devices=&#8221;off|off|off&#8221; global_module=&#8221;1152&#8243; saved_tabs=&#8221;all&#8221; da_is_popup=&#8221;off&#8221; da_exit_intent=&#8221;off&#8221; da_has_close=&#8221;on&#8221; da_alt_close=&#8221;off&#8221; da_dark_close=&#8221;off&#8221; da_not_modal=&#8221;on&#8221; da_is_singular=&#8221;off&#8221; da_with_loader=&#8221;off&#8221; da_has_shadow=&#8221;on&#8221;][et_pb_row _builder_version=&#8221;4.9.2&#8243; _module_preset=&#8221;default&#8221; custom_padding=&#8221;|||5%|false|false&#8221; hover_enabled=&#8221;0&#8243; sticky_enabled=&#8221;0&#8243;][et_pb_column type=&#8221;4_4&#8243; _builder_version=&#8221;4.9.2&#8243; _module_preset=&#8221;default&#8221; hover_enabled=&#8221;0&#8243; sticky_enabled=&#8221;0&#8243;][et_pb_text _builder_version=&#8221;4.9.4&#8243; _module_preset=&#8221;default&#8221; text_font=&#8221;big_river_script|500|||||||&#8221; text_text_color=&#8221;#000000&#8243; text_font_size=&#8221;80px&#8221; hover_enabled=&#8221;0&#8243; min_height=&#8221;80.3px&#8221; sticky_enabled=&#8221;0&#8243;]<\/p>\n<p>Projets<\/p>\n<p>[\/et_pb_text][\/et_pb_column][\/et_pb_row][\/et_pb_section][et_pb_section fb_built=&#8221;1&#8243; _builder_version=&#8221;4.9.4&#8243; _module_preset=&#8221;default&#8221; background_image=&#8221;http:\/\/ns381463.ip-94-23-248.eu\/sitesense\/wp-content\/uploads\/2021\/05\/Fond-Projet.jpg&#8221; background_size=&#8221;contain&#8221; background_position=&#8221;top_center&#8221; hover_enabled=&#8221;0&#8243; da_disable_devices=&#8221;off|off|off&#8221; sticky_enabled=&#8221;0&#8243; da_is_popup=&#8221;off&#8221; da_exit_intent=&#8221;off&#8221; da_has_close=&#8221;on&#8221; da_alt_close=&#8221;off&#8221; da_dark_close=&#8221;off&#8221; da_not_modal=&#8221;on&#8221; da_is_singular=&#8221;off&#8221; da_with_loader=&#8221;off&#8221; da_has_shadow=&#8221;on&#8221;][et_pb_row _builder_version=&#8221;4.9.2&#8243; _module_preset=&#8221;default&#8221;][et_pb_column type=&#8221;4_4&#8243; _builder_version=&#8221;4.9.2&#8243; _module_preset=&#8221;default&#8221;][et_pb_post_title meta=&#8221;off&#8221; featured_image=&#8221;off&#8221; _builder_version=&#8221;4.9.2&#8243; _module_preset=&#8221;default&#8221; title_text_align=&#8221;center&#8221; title_text_color=&#8221;#000000&#8243; title_font_size=&#8221;28px&#8221; width=&#8221;65%&#8221; module_alignment=&#8221;center&#8221;][\/et_pb_post_title][et_pb_post_title title=&#8221;off&#8221; meta=&#8221;off&#8221; _builder_version=&#8221;4.9.2&#8243; _module_preset=&#8221;default&#8221; title_text_align=&#8221;center&#8221; title_text_color=&#8221;#000000&#8243; title_font_size=&#8221;28px&#8221; width=&#8221;100%&#8221; module_alignment=&#8221;center&#8221; custom_margin=&#8221;||0px||false|false&#8221; custom_padding=&#8221;||0px||false|false&#8221; border_width_all=&#8221;15px&#8221; border_color_all=&#8221;#FFFFFF&#8221;][\/et_pb_post_title][et_pb_text _builder_version=&#8221;4.9.2&#8243; _module_preset=&#8221;default&#8221; width=&#8221;65%&#8221; module_alignment=&#8221;center&#8221; custom_margin=&#8221;0px||||false|false&#8221; custom_padding=&#8221;0px||||false|false&#8221;]<\/p>\n<p style=\"text-align: center;\"><b>Con\u00e7u et r\u00e9alis\u00e9 dans le cadre du projet Land of Memory, <a href=\"https:\/\/www.expo.landofmemory.eu\/\" target=\"_blank\" rel=\"noopener\">l&#8217;exposition immersive, intin\u00e9rante et participative Our Common Heritage<\/a> revisite l&#8217;Histoire de la Grande R\u00e9gion (Allemagne, Belgique, Luxembourg et France) du d\u00e9but du XX\u00e8me si\u00e8cle \u00e0 la cr\u00e9ation de l&#8217;Europe.\u00a0<\/b><\/p>\n<p>[\/et_pb_text][\/et_pb_column][\/et_pb_row][et_pb_row column_structure=&#8221;3_5,2_5&#8243; _builder_version=&#8221;4.9.2&#8243; _module_preset=&#8221;default&#8221;][et_pb_column type=&#8221;3_5&#8243; _builder_version=&#8221;4.9.2&#8243; _module_preset=&#8221;default&#8221;][et_pb_code _builder_version=&#8221;4.9.2&#8243; _module_preset=&#8221;default&#8221;]<iframe loading=\"lazy\" title=\"vimeo-player\" src=\"https:\/\/player.vimeo.com\/video\/533061758\" width=\"640\" height=\"360\" frameborder=\"0\" allowfullscreen><\/iframe>[\/et_pb_code][\/et_pb_column][et_pb_column type=&#8221;2_5&#8243; _builder_version=&#8221;4.9.2&#8243; _module_preset=&#8221;default&#8221;][et_pb_text admin_label=&#8221;Donner \u00e0 voir et \u00e0 vivre&#8221; _builder_version=&#8221;4.9.2&#8243; _module_preset=&#8221;default&#8221; width=&#8221;93.8%&#8221; module_alignment=&#8221;center&#8221; custom_margin=&#8221;0px|||118px|false|false&#8221; custom_padding=&#8221;0px|||0px|false|false&#8221;]<\/p>\n<h2 style=\"text-align: left;\">Donner \u00e0 voir et \u00e0 vivre<\/h2>\n<p>De mars 2021 \u00e0 ao\u00fbt 2022,<span>\u00a0<\/span><span><strong>l\u2019exposition con\u00e7ue et r\u00e9alis\u00e9e par Sense en collaboration avec Verhulst &amp; Friends et le sc\u00e9nographe Marcos Vinals Bassols, voyage \u00e0 travers la Grande R\u00e9gion <\/strong><\/span>pour faire d\u00e9couvrir<span>\u00a0<\/span><strong><span>le pass\u00e9 commun de nos territoires unis par cette histoire partag\u00e9e. <\/span><\/strong><\/p>\n<p><span><strong><a href=\"https:\/\/www.expo.landofmemory.eu\/index.php\/exposition\/\" target=\"_blank\" rel=\"noopener\">De Verdun \u00e0 Li\u00e8ge, en passant par Bastogne, Sarrebr\u00fcck, Hosingen, Spincourt,<\/a>\u00a0<\/strong><\/span>l\u2019exposition \u00e9voque notre m\u00e9moire particuli\u00e8re sur les d\u00e9cennies du si\u00e8cle dernier qui a fa\u00e7onn\u00e9 nos liens \u00e9troits ainsi que l\u2019Europe que l\u2019on connait aujourd\u2019hui.<\/p>\n<p>[\/et_pb_text][\/et_pb_column][\/et_pb_row][et_pb_row column_structure=&#8221;1_2,1_2&#8243; _builder_version=&#8221;4.9.2&#8243; _module_preset=&#8221;default&#8221;][et_pb_column type=&#8221;1_2&#8243; _builder_version=&#8221;4.9.2&#8243; _module_preset=&#8221;default&#8221;][et_pb_image src=&#8221;http:\/\/ns381463.ip-94-23-248.eu\/sitesense\/wp-content\/uploads\/2021\/04\/DSC00244-scaled.jpg&#8221; title_text=&#8221;DSC00244&#8243; _builder_version=&#8221;4.9.4&#8243; _module_preset=&#8221;default&#8221;][\/et_pb_image][\/et_pb_column][et_pb_column type=&#8221;1_2&#8243; _builder_version=&#8221;4.9.2&#8243; _module_preset=&#8221;default&#8221;][et_pb_image src=&#8221;http:\/\/ns381463.ip-94-23-248.eu\/sitesense\/wp-content\/uploads\/2021\/04\/DSC00225-scaled.jpg&#8221; title_text=&#8221;DSC00225&#8243; _builder_version=&#8221;4.9.4&#8243; _module_preset=&#8221;default&#8221;][\/et_pb_image][\/et_pb_column][\/et_pb_row][et_pb_row _builder_version=&#8221;4.9.4&#8243; _module_preset=&#8221;default&#8221;][et_pb_column type=&#8221;4_4&#8243; _builder_version=&#8221;4.9.4&#8243; _module_preset=&#8221;default&#8221;][et_pb_image src=&#8221;http:\/\/ns381463.ip-94-23-248.eu\/sitesense\/wp-content\/uploads\/2021\/04\/LoM-Expo_Bastogne2-scaled.jpg&#8221; title_text=&#8221;DCIM101MEDIADJI_0192.JPG&#8221; _builder_version=&#8221;4.9.4&#8243; _module_preset=&#8221;default&#8221;][\/et_pb_image][\/et_pb_column][\/et_pb_row][et_pb_row column_structure=&#8221;1_3,1_3,1_3&#8243; _builder_version=&#8221;4.9.2&#8243; _module_preset=&#8221;default&#8221;][et_pb_column type=&#8221;1_3&#8243; _builder_version=&#8221;4.9.2&#8243; _module_preset=&#8221;default&#8221;][\/et_pb_column][et_pb_column type=&#8221;1_3&#8243; _builder_version=&#8221;4.9.2&#8243; _module_preset=&#8221;default&#8221;][et_pb_image src=&#8221;http:\/\/ns381463.ip-94-23-248.eu\/sitesense\/wp-content\/uploads\/2021\/04\/logo_LoM-expo.jpg&#8221; title_text=&#8221;logo_LoM-expo_Color&#8221; url=&#8221;https:\/\/www.expo.landofmemory.eu\/&#8221; url_new_window=&#8221;on&#8221; _builder_version=&#8221;4.9.4&#8243; _module_preset=&#8221;default&#8221;][\/et_pb_image][\/et_pb_column][et_pb_column type=&#8221;1_3&#8243; _builder_version=&#8221;4.9.2&#8243; _module_preset=&#8221;default&#8221;][\/et_pb_column][\/et_pb_row][\/et_pb_section]<\/p>\n","protected":false},"excerpt":{"rendered":"<p>Itin\u00e9rante, immersive et participative, l&#8217;exposition Our Common Heritage voyage \u00e0&#8230;<\/p>\n","protected":false},"author":2,"featured_media":467,"comment_status":"closed","ping_status":"closed","template":"","meta":{"_et_pb_use_builder":"on","_et_pb_old_content":"","_et_gb_content_width":""},"project_category":[20,27,29,18,17,23,19],"project_tag":[28,21],"yoast_head":"<!-- This site is optimized with the Yoast SEO plugin v21.4 - https:\/\/yoast.com\/wordpress\/plugins\/seo\/ -->\n<title>OUR COMMON HERITAGE - Sense Agency<\/title>\n<meta name=\"robots\" content=\"index, follow, max-snippet:-1, max-image-preview:large, max-video-preview:-1\" \/>\n<link rel=\"canonical\" href=\"http:\/\/ns381463.ip-94-23-248.eu\/sitesense\/project\/our-common-heritage-lexpo\/\" \/>\n<meta property=\"og:locale\" content=\"fr_FR\" \/>\n<meta property=\"og:type\" content=\"article\" \/>\n<meta property=\"og:title\" content=\"OUR COMMON HERITAGE - Sense Agency\" \/>\n<meta property=\"og:description\" content=\"Itin\u00e9rante, immersive et participative, l&#039;exposition Our Common Heritage voyage \u00e0...\" \/>\n<meta property=\"og:url\" content=\"http:\/\/ns381463.ip-94-23-248.eu\/sitesense\/project\/our-common-heritage-lexpo\/\" \/>\n<meta property=\"og:site_name\" content=\"Sense Agency\" \/>\n<meta property=\"article:modified_time\" content=\"2021-05-07T15:00:47+00:00\" \/>\n<meta property=\"og:image\" content=\"http:\/\/ns381463.ip-94-23-248.eu\/sitesense\/wp-content\/uploads\/2021\/03\/Img_OurComHeritage2.jpg\" \/>\n\t<meta property=\"og:image:width\" content=\"900\" \/>\n\t<meta property=\"og:image:height\" content=\"600\" \/>\n\t<meta property=\"og:image:type\" content=\"image\/jpeg\" \/>\n<meta name=\"twitter:card\" content=\"summary_large_image\" \/>\n<meta name=\"twitter:label1\" content=\"Dur\u00e9e de lecture estim\u00e9e\" \/>\n\t<meta name=\"twitter:data1\" content=\"4 minutes\" \/>\n<script type=\"application\/ld+json\" class=\"yoast-schema-graph\">{\"@context\":\"https:\/\/schema.org\",\"@graph\":[{\"@type\":\"WebPage\",\"@id\":\"http:\/\/ns381463.ip-94-23-248.eu\/sitesense\/project\/our-common-heritage-lexpo\/\",\"url\":\"http:\/\/ns381463.ip-94-23-248.eu\/sitesense\/project\/our-common-heritage-lexpo\/\",\"name\":\"OUR COMMON HERITAGE - Sense Agency\",\"isPartOf\":{\"@id\":\"http:\/\/ns381463.ip-94-23-248.eu\/sitesense\/#website\"},\"datePublished\":\"2021-04-09T15:59:35+00:00\",\"dateModified\":\"2021-05-07T15:00:47+00:00\",\"breadcrumb\":{\"@id\":\"http:\/\/ns381463.ip-94-23-248.eu\/sitesense\/project\/our-common-heritage-lexpo\/#breadcrumb\"},\"inLanguage\":\"fr-FR\",\"potentialAction\":[{\"@type\":\"ReadAction\",\"target\":[\"http:\/\/ns381463.ip-94-23-248.eu\/sitesense\/project\/our-common-heritage-lexpo\/\"]}]},{\"@type\":\"BreadcrumbList\",\"@id\":\"http:\/\/ns381463.ip-94-23-248.eu\/sitesense\/project\/our-common-heritage-lexpo\/#breadcrumb\",\"itemListElement\":[{\"@type\":\"ListItem\",\"position\":1,\"name\":\"Accueil\",\"item\":\"http:\/\/ns381463.ip-94-23-248.eu\/sitesense\/\"},{\"@type\":\"ListItem\",\"position\":2,\"name\":\"Projets\",\"item\":\"https:\/\/ns381463.ip-94-23-248.eu\/sitesense\/project\/\"},{\"@type\":\"ListItem\",\"position\":3,\"name\":\"OUR COMMON HERITAGE\"}]},{\"@type\":\"WebSite\",\"@id\":\"http:\/\/ns381463.ip-94-23-248.eu\/sitesense\/#website\",\"url\":\"http:\/\/ns381463.ip-94-23-248.eu\/sitesense\/\",\"name\":\"Sense Agency\",\"description\":\"Agence en communication\",\"potentialAction\":[{\"@type\":\"SearchAction\",\"target\":{\"@type\":\"EntryPoint\",\"urlTemplate\":\"http:\/\/ns381463.ip-94-23-248.eu\/sitesense\/?s={search_term_string}\"},\"query-input\":\"required name=search_term_string\"}],\"inLanguage\":\"fr-FR\"}]}<\/script>\n<!-- \/ Yoast SEO plugin. -->","yoast_head_json":{"title":"OUR COMMON HERITAGE - Sense Agency","robots":{"index":"index","follow":"follow","max-snippet":"max-snippet:-1","max-image-preview":"max-image-preview:large","max-video-preview":"max-video-preview:-1"},"canonical":"http:\/\/ns381463.ip-94-23-248.eu\/sitesense\/project\/our-common-heritage-lexpo\/","og_locale":"fr_FR","og_type":"article","og_title":"OUR COMMON HERITAGE - Sense Agency","og_description":"Itin\u00e9rante, immersive et participative, l'exposition Our Common Heritage voyage \u00e0...","og_url":"http:\/\/ns381463.ip-94-23-248.eu\/sitesense\/project\/our-common-heritage-lexpo\/","og_site_name":"Sense Agency","article_modified_time":"2021-05-07T15:00:47+00:00","og_image":[{"width":900,"height":600,"url":"http:\/\/ns381463.ip-94-23-248.eu\/sitesense\/wp-content\/uploads\/2021\/03\/Img_OurComHeritage2.jpg","type":"image\/jpeg"}],"twitter_card":"summary_large_image","twitter_misc":{"Dur\u00e9e de lecture estim\u00e9e":"4 minutes"},"schema":{"@context":"https:\/\/schema.org","@graph":[{"@type":"WebPage","@id":"http:\/\/ns381463.ip-94-23-248.eu\/sitesense\/project\/our-common-heritage-lexpo\/","url":"http:\/\/ns381463.ip-94-23-248.eu\/sitesense\/project\/our-common-heritage-lexpo\/","name":"OUR COMMON HERITAGE - Sense Agency","isPartOf":{"@id":"http:\/\/ns381463.ip-94-23-248.eu\/sitesense\/#website"},"datePublished":"2021-04-09T15:59:35+00:00","dateModified":"2021-05-07T15:00:47+00:00","breadcrumb":{"@id":"http:\/\/ns381463.ip-94-23-248.eu\/sitesense\/project\/our-common-heritage-lexpo\/#breadcrumb"},"inLanguage":"fr-FR","potentialAction":[{"@type":"ReadAction","target":["http:\/\/ns381463.ip-94-23-248.eu\/sitesense\/project\/our-common-heritage-lexpo\/"]}]},{"@type":"BreadcrumbList","@id":"http:\/\/ns381463.ip-94-23-248.eu\/sitesense\/project\/our-common-heritage-lexpo\/#breadcrumb","itemListElement":[{"@type":"ListItem","position":1,"name":"Accueil","item":"http:\/\/ns381463.ip-94-23-248.eu\/sitesense\/"},{"@type":"ListItem","position":2,"name":"Projets","item":"https:\/\/ns381463.ip-94-23-248.eu\/sitesense\/project\/"},{"@type":"ListItem","position":3,"name":"OUR COMMON HERITAGE"}]},{"@type":"WebSite","@id":"http:\/\/ns381463.ip-94-23-248.eu\/sitesense\/#website","url":"http:\/\/ns381463.ip-94-23-248.eu\/sitesense\/","name":"Sense Agency","description":"Agence en communication","potentialAction":[{"@type":"SearchAction","target":{"@type":"EntryPoint","urlTemplate":"http:\/\/ns381463.ip-94-23-248.eu\/sitesense\/?s={search_term_string}"},"query-input":"required name=search_term_string"}],"inLanguage":"fr-FR"}]}},"_links":{"self":[{"href":"https:\/\/ns381463.ip-94-23-248.eu\/sitesense\/wp-json\/wp\/v2\/project\/1627"}],"collection":[{"href":"https:\/\/ns381463.ip-94-23-248.eu\/sitesense\/wp-json\/wp\/v2\/project"}],"about":[{"href":"https:\/\/ns381463.ip-94-23-248.eu\/sitesense\/wp-json\/wp\/v2\/types\/project"}],"author":[{"embeddable":true,"href":"https:\/\/ns381463.ip-94-23-248.eu\/sitesense\/wp-json\/wp\/v2\/users\/2"}],"replies":[{"embeddable":true,"href":"https:\/\/ns381463.ip-94-23-248.eu\/sitesense\/wp-json\/wp\/v2\/comments?post=1627"}],"version-history":[{"count":11,"href":"https:\/\/ns381463.ip-94-23-248.eu\/sitesense\/wp-json\/wp\/v2\/project\/1627\/revisions"}],"predecessor-version":[{"id":2471,"href":"https:\/\/ns381463.ip-94-23-248.eu\/sitesense\/wp-json\/wp\/v2\/project\/1627\/revisions\/2471"}],"wp:featuredmedia":[{"embeddable":true,"href":"https:\/\/ns381463.ip-94-23-248.eu\/sitesense\/wp-json\/wp\/v2\/media\/467"}],"wp:attachment":[{"href":"https:\/\/ns381463.ip-94-23-248.eu\/sitesense\/wp-json\/wp\/v2\/media?parent=1627"}],"wp:term":[{"taxonomy":"project_category","embeddable":true,"href":"https:\/\/ns381463.ip-94-23-248.eu\/sitesense\/wp-json\/wp\/v2\/project_category?post=1627"},{"taxonomy":"project_tag","embeddable":true,"href":"https:\/\/ns381463.ip-94-23-248.eu\/sitesense\/wp-json\/wp\/v2\/project_tag?post=1627"}],"curies":[{"name":"wp","href":"https:\/\/api.w.org\/{rel}","templated":true}]}}